{"id":305,"date":"2020-01-09T14:23:19","date_gmt":"2020-01-09T14:23:19","guid":{"rendered":"http:\/\/im-wd.de\/garten\/?page_id=305"},"modified":"2020-01-09T14:23:19","modified_gmt":"2020-01-09T14:23:19","slug":"leistungen","status":"publish","type":"page","link":"https:\/\/gartenverband-freiberg.de\/index.php\/leistungen\/","title":{"rendered":"Leistungen"},"content":{"rendered":"<div class=\"art-post-inner\">\n<div class=\"art-postcontent\">\n<div class=\"art-article\">\n<p>Unser Leistungsspektrum\u00a0 umfasst folgende Schwerpunkte:<\/p>\n<ul>\n<li>Sicherung der Existenz und Entwicklung der Kleingartenanlagen\u00a0 auf der Grundlage des Bundeskleingartengesetzes; Abschluss von Zwischenpachtvertr\u00e4gen mit gegenw\u00e4rtig\u00a0 94 Grundst\u00fcckseigent\u00fcmern<\/li>\n<li>Unterst\u00fctzung bei der Verwaltung der Gartenanlagen und der Organisation des Vereinslebens<\/li>\n<li>Vermittlung von Rechtsberatungen f\u00fcr die Vereinsvorst\u00e4nde mit Rechtsanw\u00e4lten, die im Kleingartenrecht und peripheren Rechtsgebieten Kompetenz aufweisen.<\/li>\n<li>Vertretung der Anliegen des organisierten Kleingartenwesens gegen\u00fcber der \u00d6ffentlichkeit, den Parlamenten und Beh\u00f6rden des Landkreises, der St\u00e4dte und Gemeinden. Darin ist die aktive Zusammenarbeit mit den zust\u00e4ndigen Beh\u00f6rden bei der Sicherung\u00a0 der kleing\u00e4rtnerischen Gemeinn\u00fctzigkeit f\u00fcr die Kleingartenvereine eingeschlossen.<\/li>\n<li>Einflussnahme auf die Einordnung der Gartenanlagen in die Fl\u00e4chennutzungs- bzw. Bebauungspl\u00e4ne der St\u00e4dte und Gemeinden<\/li>\n<li>Entlastung der ehrenamtlich arbeitenden Vereinsvorst\u00e4nde durch Angebote an Dienstleistungen verschiedenster Art<\/li>\n<\/ul>\n<\/div>\n<\/div>\n<div class=\"cleared\"><\/div>\n<\/div>\n","protected":false},"excerpt":{"rendered":"<p>Unser Leistungsspektrum\u00a0 umfasst folgende Schwerpunkte: Sicherung der Existenz und Entwicklung der Kleingartenanlagen\u00a0 auf der Grundlage des Bundeskleingartengesetzes; Abschluss von Zwischenpachtvertr\u00e4gen mit gegenw\u00e4rtig\u00a0 94 Grundst\u00fcckseigent\u00fcmern Unterst\u00fctzung bei der Verwaltung der Gartenanlagen und der Organisation des Vereinslebens Vermittlung von Rechtsberatungen f\u00fcr die Vereinsvorst\u00e4nde mit Rechtsanw\u00e4lten, die im Kleingartenrecht und peripheren Rechtsgebieten Kompetenz aufweisen. Vertretung der Anliegen des [&hellip;]<\/p>\n","protected":false},"author":1,"featured_media":0,"parent":0,"menu_order":0,"comment_status":"closed","ping_status":"closed","template":"","meta":{"footnotes":""},"class_list":["post-305","page","type-page","status-publish","hentry"],"_links":{"self":[{"href":"https:\/\/gartenverband-freiberg.de\/index.php\/wp-json\/wp\/v2\/pages\/305","targetHints":{"allow":["GET"]}}],"collection":[{"href":"https:\/\/gartenverband-freiberg.de\/index.php\/wp-json\/wp\/v2\/pages"}],"about":[{"href":"https:\/\/gartenverband-freiberg.de\/index.php\/wp-json\/wp\/v2\/types\/page"}],"author":[{"embeddable":true,"href":"https:\/\/gartenverband-freiberg.de\/index.php\/wp-json\/wp\/v2\/users\/1"}],"replies":[{"embeddable":true,"href":"https:\/\/gartenverband-freiberg.de\/index.php\/wp-json\/wp\/v2\/comments?post=305"}],"version-history":[{"count":1,"href":"https:\/\/gartenverband-freiberg.de\/index.php\/wp-json\/wp\/v2\/pages\/305\/revisions"}],"predecessor-version":[{"id":306,"href":"https:\/\/gartenverband-freiberg.de\/index.php\/wp-json\/wp\/v2\/pages\/305\/revisions\/306"}],"wp:attachment":[{"href":"https:\/\/gartenverband-freiberg.de\/index.php\/wp-json\/wp\/v2\/media?parent=305"}],"curies":[{"name":"wp","href":"https:\/\/api.w.org\/{rel}","templated":true}]}}